{"id":3534,"date":"2022-08-08T12:45:13","date_gmt":"2022-08-08T12:45:13","guid":{"rendered":"https:\/\/mywebsitesdemo.com\/VA\/afosfoundation\/?post_type=projects&#038;p=3534"},"modified":"2023-10-05T07:38:01","modified_gmt":"2023-10-05T07:38:01","slug":"project-colombia","status":"publish","type":"projects","link":"https:\/\/afosfoundation.org\/en\/projects\/project-colombia\/","title":{"rendered":"Project Colombia"},"content":{"rendered":"\n<h2>Digitization and Tourism<\/h2>\n\n<div class=\"wp-container-3 wp-block-columns\">\n<div class=\"wp-container-1 wp-block-column\">\n<h3>Counteracting youth unemployment through qualifications<\/h3>\n\n\n\n<p>Within the framework of our project &#8220;Alianza para la Formacion&#8221;, we act <strong>in close cooperation with the competent Colombian authorities<\/strong>. Together with training institutions, companies and trade associations, we are working on the expansion of dual training and qualification opportunities. <\/p>\n\n\n\n<p>With attractive, accessible and sustainable education and training opportunities in the fields of digitalisation and tourism, we are making a <strong>sustainable contribution to reducing youth unemployment in Colombia<\/strong>.<\/p>\n<\/div>\n\n\n\n<div class=\"wp-container-2 wp-block-column\"><div class=\"wp-block-image\">\n<figure class=\"aligncenter size-full\"><img loading=\"lazy\" width=\"800\" height=\"533\" src=\"https:\/\/afosfoundation.org\/wp-content\/uploads\/2023\/04\/Neue-Ausbildungsprogramme-in-Kolumbien.png\" alt=\"AFOS in Colombia\" class=\"wp-image-4851\" srcset=\"https:\/\/afosfoundation.org\/wp-content\/uploads\/2023\/04\/Neue-Ausbildungsprogramme-in-Kolumbien.png 800w, https:\/\/afosfoundation.org\/wp-content\/uploads\/2023\/04\/Neue-Ausbildungsprogramme-in-Kolumbien-360x240.png 360w, https:\/\/afosfoundation.org\/wp-content\/uploads\/2023\/04\/Neue-Ausbildungsprogramme-in-Kolumbien-768x512.png 768w\" sizes=\"(max-width: 800px) 100vw, 800px\" \/><\/figure><\/div><\/div>\n<\/div>\n\n<div class=\"wp-container-6 wp-block-columns has-background\" style=\"background-color:#c0d16e\">\n<div class=\"wp-container-4 wp-block-column\">\n<figure class=\"wp-block-image size-full\"><img loading=\"lazy\" width=\"1000\" height=\"773\" src=\"https:\/\/afosfoundation.org\/wp-content\/uploads\/2023\/05\/AFOS-Colombia-2023.png\" alt=\"\" class=\"wp-image-5092\" srcset=\"https:\/\/afosfoundation.org\/wp-content\/uploads\/2023\/05\/AFOS-Colombia-2023.png 1000w, https:\/\/afosfoundation.org\/wp-content\/uploads\/2023\/05\/AFOS-Colombia-2023-360x278.png 360w, https:\/\/afosfoundation.org\/wp-content\/uploads\/2023\/05\/AFOS-Colombia-2023-768x594.png 768w\" sizes=\"(max-width: 1000px) 100vw, 1000px\" \/><\/figure>\n<\/div>\n\n\n\n<div class=\"wp-container-5 wp-block-column\">\n<h3>Reactivating the Economy &#8211; a Necessity<\/h3>\n\n\n\n<p>In 2021, <strong>youth unemployment rose above 25%.<\/strong> At-risk groups such as youth, women and ethnic minorities suffer the most from the economic impact of the Corona pandemic. <\/p>\n\n\n\n<p>On the political side, there is <strong>a need for reactivation measures of the economy<\/strong>. In addition, a <strong>deficit in youth employment programmes<\/strong> was identified (read more <a href=\"https:\/\/www.kas.de\/de\/web\/kolumbien\/veranstaltungsberichte\/detail\/-\/content\/hablemos-con-empleabilidad-juvenil-1\">here<\/a>). The Colombian labour market consists of <strong>95% small and medium-sized enterprises.<\/strong> This is where we at AFOS in Colombia come in with our project work.<\/p>\n<\/div>\n<\/div>\n\n<div class=\"wp-container-9 wp-block-columns\">\n<div class=\"wp-container-7 wp-block-column\">\n<h3>Education partnerships (BBP) for qualified training<\/h3>\n\n\n\n<p>The Colombian Ministry of Education sees the <strong>qualified training<\/strong> of young Colombians as a <strong>central solution.<\/strong> A great need for training and qualification opportunities was identified primarily in the two sectors of <strong>digitization and tourism.<\/strong> The tourism industry in particular suffered a deep slump as a result of the pandemic. <\/p>\n<\/div>\n\n\n\n<div class=\"wp-container-8 wp-block-column\"><div class=\"wp-block-image\">\n<figure class=\"aligncenter size-full\"><img loading=\"lazy\" width=\"1000\" height=\"750\" src=\"https:\/\/afosfoundation.org\/wp-content\/uploads\/2022\/08\/AFOS-Colombia-Bildungspartnerschaften.png\" alt=\"\" class=\"wp-image-5094\" srcset=\"https:\/\/afosfoundation.org\/wp-content\/uploads\/2022\/08\/AFOS-Colombia-Bildungspartnerschaften.png 1000w, https:\/\/afosfoundation.org\/wp-content\/uploads\/2022\/08\/AFOS-Colombia-Bildungspartnerschaften-360x270.png 360w, https:\/\/afosfoundation.org\/wp-content\/uploads\/2022\/08\/AFOS-Colombia-Bildungspartnerschaften-768x576.png 768w\" sizes=\"(max-width: 1000px) 100vw, 1000px\" \/><\/figure><\/div><\/div>\n<\/div>\n\n<div class=\"wp-container-12 wp-block-columns has-background\" style=\"background-color:#d2e6e9\">\n<div class=\"wp-container-10 wp-block-column\"><div class=\"wp-block-image\">\n<figure class=\"aligncenter size-full\"><img loading=\"lazy\" width=\"800\" height=\"481\" src=\"https:\/\/afosfoundation.org\/wp-content\/uploads\/2023\/04\/AFOS-Colombia-News-April-2023-1.png\" alt=\"\" class=\"wp-image-4887\" srcset=\"https:\/\/afosfoundation.org\/wp-content\/uploads\/2023\/04\/AFOS-Colombia-News-April-2023-1.png 800w, https:\/\/afosfoundation.org\/wp-content\/uploads\/2023\/04\/AFOS-Colombia-News-April-2023-1-360x216.png 360w, https:\/\/afosfoundation.org\/wp-content\/uploads\/2023\/04\/AFOS-Colombia-News-April-2023-1-768x462.png 768w\" sizes=\"(max-width: 800px) 100vw, 800px\" \/><\/figure><\/div><\/div>\n\n\n\n<div class=\"wp-container-11 wp-block-column\">\n<h2>What AFOS has already achieved in Colombia<\/h2>\n\n\n\n<ul><li>80 young people participate in our programmes<\/li><li>20 companies have introduced dual training in their companies<\/li><li>60 employers from the companies of the project partners were trained in &#8220;train the trainer&#8221; seminars<\/li><li>4 academic offerings have been implemented to meet the needs of our focus sectors on the ground<\/li><\/ul>\n<\/div>\n<\/div>\n\n<div class=\"wp-container-15 wp-block-columns has-background\" style=\"background-color:#d1e5e800\">\n<div class=\"wp-container-13 wp-block-column\">\n<h3>How AFOS is working in Colombia to reduce youth unemployment:<\/h3>\n\n\n\n<ul><li>We support our project partners in the <strong>(further) development and implementation of needs-based dual vocational training<\/strong>.<\/li><li>We develop <strong>measures and offers<\/strong> that support graduates of dual vocational education and training <strong>in their transition to the labour market<\/strong>.<\/li><li>We support our partners in promoting dual vocational education and training in their networks and expand it further if necessary.<\/li><\/ul>\n<\/div>\n\n\n\n<div class=\"wp-container-14 wp-block-column\"><div class=\"wp-block-image\">\n<figure class=\"aligncenter size-full\"><img loading=\"lazy\" width=\"1000\" height=\"532\" src=\"https:\/\/afosfoundation.org\/wp-content\/uploads\/2023\/05\/AFOS-Columbia_Team-Colombia.png\" alt=\"\" class=\"wp-image-5087\" srcset=\"https:\/\/afosfoundation.org\/wp-content\/uploads\/2023\/05\/AFOS-Columbia_Team-Colombia.png 1000w, https:\/\/afosfoundation.org\/wp-content\/uploads\/2023\/05\/AFOS-Columbia_Team-Colombia-360x192.png 360w, https:\/\/afosfoundation.org\/wp-content\/uploads\/2023\/05\/AFOS-Columbia_Team-Colombia-768x409.png 768w\" sizes=\"(max-width: 1000px) 100vw, 1000px\" \/><\/figure><\/div><\/div>\n<\/div>\n\n<h4>AFOS&#8217; partner organisations in Colombia:<\/h4>\n\n<ul><li>Die <em>C\u00e1mara de Comercio de Medell\u00edn para Antioquia <\/em>(Handelskammer Medell\u00edn f\u00fcr die Region Antioquia) in Kolumbien ist eine f\u00fchrende Einrichtung in der Region, die sich auf Unternehmensdienstleistungen konzentriert.<\/li><li>The <em><a href=\"https:\/\/www.sena.edu.co\/en-us\/Pages\/sena.aspx\">Servicio Nacional de Aprendizaje (SENA) (<\/a><\/em> National Training Service) is a national public institution with legal status, independent capital structure and administrative autonomy, subordinate to the Colombian Ministry of Labor.<\/li><li>The <em><a href=\"https:\/\/www.ahk-colombia.com\/\">German-Colombian Chamber of Commerce and Industry<\/a><\/em> focuses on business services, such as institutional registry, the development of projects aimed at the formalization, modernization and competitiveness of entrepreneurs, and the change towards the simplification and virtuality of services.<\/li><\/ul>\n","protected":false},"featured_media":0,"template":"","acf":[],"yoast_head":"<!-- This site is optimized with the Yoast SEO plugin v19.5.1 - https:\/\/yoast.com\/wordpress\/plugins\/seo\/ -->\n<title>AFOS in Colombia: Training in Digitalization and Tourism<\/title>\n<meta name=\"description\" content=\"Through training opportunities in digitization and tourism, AFOS is committed to reducing youth unemployment in Colombia.\" \/>\n<meta name=\"robots\" content=\"index, follow, max-snippet:-1, max-image-preview:large, max-video-preview:-1\" \/>\n<link rel=\"canonical\" href=\"https:\/\/afosfoundation.org\/en\/projects\/project-colombia\/\" \/>\n<meta property=\"og:locale\" content=\"en_US\" \/>\n<meta property=\"og:type\" content=\"article\" \/>\n<meta property=\"og:title\" content=\"AFOS in Colombia: Training in Digitalization and Tourism\" \/>\n<meta property=\"og:description\" content=\"Through training opportunities in digitization and tourism, AFOS is committed to reducing youth unemployment in Colombia.\" \/>\n<meta property=\"og:url\" content=\"https:\/\/afosfoundation.org\/en\/projects\/project-colombia\/\" \/>\n<meta property=\"og:site_name\" content=\"Afosfoundation\" \/>\n<meta property=\"article:modified_time\" content=\"2023-10-05T07:38:01+00:00\" \/>\n<meta property=\"og:image\" content=\"https:\/\/afosfoundation.org\/wp-content\/uploads\/2023\/04\/Neue-Ausbildungsprogramme-in-Kolumbien.png\" \/>\n<meta name=\"twitter:card\" content=\"summary_large_image\" \/>\n<meta name=\"twitter:label1\" content=\"Est. reading time\" \/>\n\t<meta name=\"twitter:data1\" content=\"4 minutes\" \/>\n<script type=\"application\/ld+json\" class=\"yoast-schema-graph\">{\"@context\":\"https:\/\/schema.org\",\"@graph\":[{\"@type\":\"WebPage\",\"@id\":\"https:\/\/afosfoundation.org\/en\/projects\/project-colombia\/\",\"url\":\"https:\/\/afosfoundation.org\/en\/projects\/project-colombia\/\",\"name\":\"AFOS in Colombia: Training in Digitalization and Tourism\",\"isPartOf\":{\"@id\":\"https:\/\/afosfoundation.org\/en\/#website\"},\"datePublished\":\"2022-08-08T12:45:13+00:00\",\"dateModified\":\"2023-10-05T07:38:01+00:00\",\"description\":\"Through training opportunities in digitization and tourism, AFOS is committed to reducing youth unemployment in Colombia.\",\"breadcrumb\":{\"@id\":\"https:\/\/afosfoundation.org\/en\/projects\/project-colombia\/#breadcrumb\"},\"inLanguage\":\"en-US\",\"potentialAction\":[{\"@type\":\"ReadAction\",\"target\":[\"https:\/\/afosfoundation.org\/en\/projects\/project-colombia\/\"]}]},{\"@type\":\"BreadcrumbList\",\"@id\":\"https:\/\/afosfoundation.org\/en\/projects\/project-colombia\/#breadcrumb\",\"itemListElement\":[{\"@type\":\"ListItem\",\"position\":1,\"name\":\"Home\",\"item\":\"https:\/\/afosfoundation.org\/en\/\"},{\"@type\":\"ListItem\",\"position\":2,\"name\":\"Project Colombia\"}]},{\"@type\":\"WebSite\",\"@id\":\"https:\/\/afosfoundation.org\/en\/#website\",\"url\":\"https:\/\/afosfoundation.org\/en\/\",\"name\":\"Afosfoundation\",\"description\":\"Afosfoundation\",\"publisher\":{\"@id\":\"https:\/\/afosfoundation.org\/en\/#organization\"},\"potentialAction\":[{\"@type\":\"SearchAction\",\"target\":{\"@type\":\"EntryPoint\",\"urlTemplate\":\"https:\/\/afosfoundation.org\/en\/?s={search_term_string}\"},\"query-input\":\"required name=search_term_string\"}],\"inLanguage\":\"en-US\"},{\"@type\":\"Organization\",\"@id\":\"https:\/\/afosfoundation.org\/en\/#organization\",\"name\":\"Afosfoundation\",\"url\":\"https:\/\/afosfoundation.org\/en\/\",\"sameAs\":[],\"logo\":{\"@type\":\"ImageObject\",\"inLanguage\":\"en-US\",\"@id\":\"https:\/\/afosfoundation.org\/en\/#\/schema\/logo\/image\/\",\"url\":\"https:\/\/afosfoundation.org\/wp-content\/uploads\/2023\/05\/Untitled-design-1.jpg\",\"contentUrl\":\"https:\/\/afosfoundation.org\/wp-content\/uploads\/2023\/05\/Untitled-design-1.jpg\",\"width\":1200,\"height\":519,\"caption\":\"Afosfoundation\"},\"image\":{\"@id\":\"https:\/\/afosfoundation.org\/en\/#\/schema\/logo\/image\/\"}}]}<\/script>\n<!-- \/ Yoast SEO plugin. -->","yoast_head_json":{"title":"AFOS in Colombia: Training in Digitalization and Tourism","description":"Through training opportunities in digitization and tourism, AFOS is committed to reducing youth unemployment in Colombia.","robots":{"index":"index","follow":"follow","max-snippet":"max-snippet:-1","max-image-preview":"max-image-preview:large","max-video-preview":"max-video-preview:-1"},"canonical":"https:\/\/afosfoundation.org\/en\/projects\/project-colombia\/","og_locale":"en_US","og_type":"article","og_title":"AFOS in Colombia: Training in Digitalization and Tourism","og_description":"Through training opportunities in digitization and tourism, AFOS is committed to reducing youth unemployment in Colombia.","og_url":"https:\/\/afosfoundation.org\/en\/projects\/project-colombia\/","og_site_name":"Afosfoundation","article_modified_time":"2023-10-05T07:38:01+00:00","og_image":[{"url":"https:\/\/afosfoundation.org\/wp-content\/uploads\/2023\/04\/Neue-Ausbildungsprogramme-in-Kolumbien.png"}],"twitter_card":"summary_large_image","twitter_misc":{"Est. reading time":"4 minutes"},"schema":{"@context":"https:\/\/schema.org","@graph":[{"@type":"WebPage","@id":"https:\/\/afosfoundation.org\/en\/projects\/project-colombia\/","url":"https:\/\/afosfoundation.org\/en\/projects\/project-colombia\/","name":"AFOS in Colombia: Training in Digitalization and Tourism","isPartOf":{"@id":"https:\/\/afosfoundation.org\/en\/#website"},"datePublished":"2022-08-08T12:45:13+00:00","dateModified":"2023-10-05T07:38:01+00:00","description":"Through training opportunities in digitization and tourism, AFOS is committed to reducing youth unemployment in Colombia.","breadcrumb":{"@id":"https:\/\/afosfoundation.org\/en\/projects\/project-colombia\/#breadcrumb"},"inLanguage":"en-US","potentialAction":[{"@type":"ReadAction","target":["https:\/\/afosfoundation.org\/en\/projects\/project-colombia\/"]}]},{"@type":"BreadcrumbList","@id":"https:\/\/afosfoundation.org\/en\/projects\/project-colombia\/#breadcrumb","itemListElement":[{"@type":"ListItem","position":1,"name":"Home","item":"https:\/\/afosfoundation.org\/en\/"},{"@type":"ListItem","position":2,"name":"Project Colombia"}]},{"@type":"WebSite","@id":"https:\/\/afosfoundation.org\/en\/#website","url":"https:\/\/afosfoundation.org\/en\/","name":"Afosfoundation","description":"Afosfoundation","publisher":{"@id":"https:\/\/afosfoundation.org\/en\/#organization"},"potentialAction":[{"@type":"SearchAction","target":{"@type":"EntryPoint","urlTemplate":"https:\/\/afosfoundation.org\/en\/?s={search_term_string}"},"query-input":"required name=search_term_string"}],"inLanguage":"en-US"},{"@type":"Organization","@id":"https:\/\/afosfoundation.org\/en\/#organization","name":"Afosfoundation","url":"https:\/\/afosfoundation.org\/en\/","sameAs":[],"logo":{"@type":"ImageObject","inLanguage":"en-US","@id":"https:\/\/afosfoundation.org\/en\/#\/schema\/logo\/image\/","url":"https:\/\/afosfoundation.org\/wp-content\/uploads\/2023\/05\/Untitled-design-1.jpg","contentUrl":"https:\/\/afosfoundation.org\/wp-content\/uploads\/2023\/05\/Untitled-design-1.jpg","width":1200,"height":519,"caption":"Afosfoundation"},"image":{"@id":"https:\/\/afosfoundation.org\/en\/#\/schema\/logo\/image\/"}}]}},"_links":{"self":[{"href":"https:\/\/afosfoundation.org\/en\/wp-json\/wp\/v2\/projects\/3534"}],"collection":[{"href":"https:\/\/afosfoundation.org\/en\/wp-json\/wp\/v2\/projects"}],"about":[{"href":"https:\/\/afosfoundation.org\/en\/wp-json\/wp\/v2\/types\/projects"}],"wp:attachment":[{"href":"https:\/\/afosfoundation.org\/en\/wp-json\/wp\/v2\/media?parent=3534"}],"curies":[{"name":"wp","href":"https:\/\/api.w.org\/{rel}","templated":true}]}}